{"id":428,"date":"2022-02-05T10:08:18","date_gmt":"2022-02-05T10:08:18","guid":{"rendered":"http:\/\/afersdomestics.cat\/?page_id=428"},"modified":"2025-10-23T13:34:37","modified_gmt":"2025-10-23T13:34:37","slug":"que-sen-diu-de-nosaltres","status":"publish","type":"page","link":"https:\/\/afersdomestics.cat\/index.php\/que-sen-diu-de-nosaltres\/","title":{"rendered":"Qu\u00e8 se&#8217;n diu de nosaltres?"},"content":{"rendered":"\n<div class=\"wp-block-media-text is-stacked-on-mobile\"><figure class=\"wp-block-media-text__media\"><img loading=\"lazy\" decoding=\"async\" width=\"732\" height=\"458\" src=\"https:\/\/afersdomestics.cat\/wp-content\/uploads\/2025\/10\/NovaConca23102025_AfersDomestics.jpg\" alt=\"\" class=\"wp-image-1259 size-full\" srcset=\"https:\/\/afersdomestics.cat\/wp-content\/uploads\/2025\/10\/NovaConca23102025_AfersDomestics.jpg 732w, https:\/\/afersdomestics.cat\/wp-content\/uploads\/2025\/10\/NovaConca23102025_AfersDomestics-300x188.jpg 300w\" sizes=\"auto, (max-width: 732px) 100vw, 732px\" \/><\/figure><div class=\"wp-block-media-text__content\">\n<p>Nova Conca (23 d&#8217;octubre de 2025). <a href=\"https:\/\/www.novaconca.cat\/noticia\/258540\/afers-domestics-amb-arrels-a-prenafeta-entre-els-25-finalistes-del-certamen-terra-i-cultur\" target=\"_blank\" rel=\"noreferrer noopener\">Afers Dom\u00e8stics, amb arrels a Prenafeta, entre els 25 finalistes del Certamen Terra i Cultura d\u2019aquest any<\/a>: amb el <a href=\"https:\/\/youtu.be\/5d5YC6V043w?si=LxVxxO_yLTzDDY3f\" data-type=\"link\" data-id=\"https:\/\/youtu.be\/5d5YC6V043w?si=LxVxxO_yLTzDDY3f\" target=\"_blank\" rel=\"noreferrer noopener\">poema musicat &#8220;Lluny&#8221;<\/a> del poeta Josep Porcar. <a href=\"https:\/\/www.novaconca.cat\/noticia\/258540\/afers-domestics-amb-arrels-a-prenafeta-entre-els-25-finalistes-del-certamen-terra-i-cultur\" data-type=\"link\" data-id=\"https:\/\/www.novaconca.cat\/noticia\/258540\/afers-domestics-amb-arrels-a-prenafeta-entre-els-25-finalistes-del-certamen-terra-i-cultur\" target=\"_blank\" rel=\"noreferrer noopener\">Edici\u00f3 web<\/a>.<\/p>\n<\/div><\/div>\n\n\n\n<div class=\"wp-block-media-text is-stacked-on-mobile\"><figure class=\"wp-block-media-text__media\"><img loading=\"lazy\" decoding=\"async\" width=\"578\" height=\"399\" src=\"https:\/\/afersdomestics.cat\/wp-content\/uploads\/2025\/10\/Enderrock22102025_AfersDomestics.jpg\" alt=\"\" class=\"wp-image-1260 size-full\" srcset=\"https:\/\/afersdomestics.cat\/wp-content\/uploads\/2025\/10\/Enderrock22102025_AfersDomestics.jpg 578w, https:\/\/afersdomestics.cat\/wp-content\/uploads\/2025\/10\/Enderrock22102025_AfersDomestics-300x207.jpg 300w\" sizes=\"auto, (max-width: 578px) 100vw, 578px\" \/><\/figure><div class=\"wp-block-media-text__content\">\n<p>Enderrock, 22 d&#8217;octubre de 2025. <a href=\"https:\/\/www.enderrock.cat\/noticia\/30313\/25-poemes-musicats-seleccionats-lluis-llach-al-terra-cultura-2025\">Els 25 poemes musicats seleccionats per Llu\u00eds Llach al Terra i Cultura 2025<\/a>. La Fundaci\u00f3 Llu\u00eds Llach lliurar\u00e0 el XVIII Premi Miquel Mart\u00ed i Pol al guanyador del certamen el dilluns 10 de novembre a la Casa Golferichs de Barcelona<\/p>\n<\/div><\/div>\n\n\n\n<div class=\"wp-block-media-text is-stacked-on-mobile\"><figure class=\"wp-block-media-text__media\"><img loading=\"lazy\" decoding=\"async\" width=\"1024\" height=\"790\" src=\"https:\/\/afersdomestics.cat\/wp-content\/uploads\/2024\/11\/IMG_20241101_160321-1024x790.jpg\" alt=\"\" class=\"wp-image-1142 size-full\" srcset=\"https:\/\/afersdomestics.cat\/wp-content\/uploads\/2024\/11\/IMG_20241101_160321-1024x790.jpg 1024w, https:\/\/afersdomestics.cat\/wp-content\/uploads\/2024\/11\/IMG_20241101_160321-300x231.jpg 300w, https:\/\/afersdomestics.cat\/wp-content\/uploads\/2024\/11\/IMG_20241101_160321-768x592.jpg 768w, https:\/\/afersdomestics.cat\/wp-content\/uploads\/2024\/11\/IMG_20241101_160321-1536x1185.jpg 1536w, https:\/\/afersdomestics.cat\/wp-content\/uploads\/2024\/11\/IMG_20241101_160321-2048x1580.jpg 2048w\" sizes=\"auto, (max-width: 1024px) 100vw, 1024px\" \/><\/figure><div class=\"wp-block-media-text__content\">\n<p>El 9 Nou (31 d&#8217;octubre de 2024). Afers Dom\u00e8stics, veus de la poesia. El grup de Sentfores publica &#8220;Sortirem dels racons foscos&#8221;, produ\u00eft per Ricard Puigdom\u00e8nech. Edici\u00f3 en paper i <a href=\"https:\/\/mes9.el9nou.cat\/afers-domestics-publica-el-seu-tercer-disc-produit-per-ricard-puigdomenech\/\" data-type=\"link\" data-id=\"https:\/\/mes9.el9nou.cat\/afers-domestics-publica-el-seu-tercer-disc-produit-per-ricard-puigdomenech\/\" target=\"_blank\" rel=\"noreferrer noopener\">edici\u00f3 web<\/a><\/p>\n<\/div><\/div>\n\n\n\n<div class=\"wp-block-media-text has-media-on-the-right is-stacked-on-mobile\"><div class=\"wp-block-media-text__content\">\n<p>El9TV, entrevista al programa La Tramoia (30\/10\/2024), presentat per Jordi Sunyer. En l\u00ednia: &lt;<a href=\"https:\/\/www.youtube.com\/watch?v=TD_W0yuan7M\" target=\"_blank\" rel=\"noreferrer noopener\">https:\/\/www.youtube.com\/watch?v=TD_W0yuan7M<\/a>&gt;<\/p>\n<\/div><figure class=\"wp-block-media-text__media\"><img loading=\"lazy\" decoding=\"async\" width=\"1024\" height=\"576\" src=\"http:\/\/afersdomestics.cat\/wp-content\/uploads\/2024\/10\/IMG-20241029-WA0011-1024x576.jpg\" alt=\"\" class=\"wp-image-1124 size-full\" srcset=\"https:\/\/afersdomestics.cat\/wp-content\/uploads\/2024\/10\/IMG-20241029-WA0011-1024x576.jpg 1024w, https:\/\/afersdomestics.cat\/wp-content\/uploads\/2024\/10\/IMG-20241029-WA0011-300x169.jpg 300w, https:\/\/afersdomestics.cat\/wp-content\/uploads\/2024\/10\/IMG-20241029-WA0011-768x432.jpg 768w, https:\/\/afersdomestics.cat\/wp-content\/uploads\/2024\/10\/IMG-20241029-WA0011-1536x864.jpg 1536w, https:\/\/afersdomestics.cat\/wp-content\/uploads\/2024\/10\/IMG-20241029-WA0011-990x556.jpg 990w, https:\/\/afersdomestics.cat\/wp-content\/uploads\/2024\/10\/IMG-20241029-WA0011-1920x1080.jpg 1920w, https:\/\/afersdomestics.cat\/wp-content\/uploads\/2024\/10\/IMG-20241029-WA0011.jpg 2000w\" sizes=\"auto, (max-width: 1024px) 100vw, 1024px\" \/><\/figure><\/div>\n\n\n\n<div class=\"wp-block-media-text is-stacked-on-mobile\"><figure class=\"wp-block-media-text__media\"><img decoding=\"async\" src=\"https:\/\/afersdomestics.cat\/wp-content\/uploads\/2024\/06\/IMG-20240601-WA0018-1024x768.jpg\" alt=\"\" class=\"wp-image-1038 size-full\"\/><\/figure><div class=\"wp-block-media-text__content\">\n<p>Nova Conca, 1 de juny de 2024. <a href=\"https:\/\/www.novaconca.cat\/noticia\/221777\/la-catorzena-edicio-de-fores-poesia-i-musica-estrena-nou-espai-i-lactuacio-dalbert-pla-die\" data-type=\"link\" data-id=\"https:\/\/www.novaconca.cat\/noticia\/221777\/la-catorzena-edicio-de-fores-poesia-i-musica-estrena-nou-espai-i-lactuacio-dalbert-pla-die\" target=\"_blank\" rel=\"noreferrer noopener\">XIV For\u00e8s Poesia i M\u00fasica<\/a>. &#8216;<a href=\"https:\/\/www.novaconca.cat\/noticia\/221777\/la-catorzena-edicio-de-fores-poesia-i-musica-estrena-nou-espai-i-lactuacio-dalbert-pla-die\" data-type=\"link\" data-id=\"https:\/\/www.novaconca.cat\/noticia\/221777\/la-catorzena-edicio-de-fores-poesia-i-musica-estrena-nou-espai-i-lactuacio-dalbert-pla-die\" target=\"_blank\" rel=\"noreferrer noopener\">Un miler de persones assisteixen a la catortzena edici\u00f3 del For\u00e8s Poesia i M\u00fasica<\/a>&#8216;.<\/p>\n<\/div><\/div>\n\n\n\n<div class=\"wp-block-group alignwide\"><div class=\"wp-block-group__inner-container is-layout-constrained wp-block-group-is-layout-constrained\">\n<div class=\"wp-block-media-text alignwide has-media-on-the-right is-stacked-on-mobile\"><div class=\"wp-block-media-text__content\">\n<p>&#8216;<a href=\"http:\/\/passalavidapassa.blogspot.com\/2022\/10\/una-cadira-en-la-boira-de-marta.html\">Una cadira en la boira<\/a>, de Marta Vilardaga&#8217;, al blog &#8220;Passa la vida&#8221; de l&#8217;editora d&#8217;<a href=\"https:\/\/www.edicions96.com\/\" data-type=\"URL\" data-id=\"https:\/\/www.edicions96.com\/\" target=\"_blank\" rel=\"noreferrer noopener\">Edicions 96<\/a> i tamb\u00e9 poeta Maria Josep Escriv\u00e0. <\/p>\n\n\n\n<p>Dos dels poemes de la mallenca Marta Vilardaga els trobareu musicats al disc &#8216;De poemes i planes&#8217;: <a href=\"https:\/\/youtu.be\/TBpP9C46O3w\" data-type=\"URL\" data-id=\"https:\/\/youtu.be\/TBpP9C46O3w\" target=\"_blank\" rel=\"noreferrer noopener\">Llavis de rom<\/a> i <a href=\"https:\/\/youtu.be\/Wxl7OLbTFgc\" data-type=\"URL\" data-id=\"https:\/\/youtu.be\/Wxl7OLbTFgc\" target=\"_blank\" rel=\"noreferrer noopener\">Cuques de llum<\/a>.<\/p>\n<\/div><figure class=\"wp-block-media-text__media\"><img loading=\"lazy\" decoding=\"async\" width=\"494\" height=\"640\" src=\"http:\/\/afersdomestics.cat\/wp-content\/uploads\/2022\/10\/Una_cadira_en_la_boira_Portada.jpg\" alt=\"\" class=\"wp-image-602 size-full\" srcset=\"https:\/\/afersdomestics.cat\/wp-content\/uploads\/2022\/10\/Una_cadira_en_la_boira_Portada.jpg 494w, https:\/\/afersdomestics.cat\/wp-content\/uploads\/2022\/10\/Una_cadira_en_la_boira_Portada-232x300.jpg 232w\" sizes=\"auto, (max-width: 494px) 100vw, 494px\" \/><\/figure><\/div>\n<\/div><\/div>\n\n\n\n<div class=\"wp-block-media-text alignwide is-stacked-on-mobile\"><figure class=\"wp-block-media-text__media\"><img loading=\"lazy\" decoding=\"async\" width=\"751\" height=\"1024\" src=\"http:\/\/afersdomestics.cat\/wp-content\/uploads\/2022\/09\/IMG_20220902_110511-751x1024.jpg\" alt=\"\" class=\"wp-image-594 size-full\" srcset=\"https:\/\/afersdomestics.cat\/wp-content\/uploads\/2022\/09\/IMG_20220902_110511-751x1024.jpg 751w, https:\/\/afersdomestics.cat\/wp-content\/uploads\/2022\/09\/IMG_20220902_110511-220x300.jpg 220w, https:\/\/afersdomestics.cat\/wp-content\/uploads\/2022\/09\/IMG_20220902_110511-768x1047.jpg 768w, https:\/\/afersdomestics.cat\/wp-content\/uploads\/2022\/09\/IMG_20220902_110511.jpg 1080w\" sizes=\"auto, (max-width: 751px) 100vw, 751px\" \/><\/figure><div class=\"wp-block-media-text__content\">\n<p>Revista Enderrock, n\u00fam. 339 (Setembre 2022). <a rel=\"noreferrer noopener\" href=\"https:\/\/www.enderrock.cat\/noticia\/24900\/revolucionem-musica-vol5-canco-canco\" target=\"_blank\">&#8216;Revolucionem la m\u00fasica Vol. 5, can\u00e7\u00f3 per can\u00e7\u00f3&#8217;<\/a>. N\u00fam. 16, &#8220;Llavis de rom&#8221; (poema M. Vilardaga). <a href=\"https:\/\/open.spotify.com\/track\/5p3GMPAuzGEjTRrN2bVw0G\" target=\"_blank\" rel=\"noreferrer noopener\">Escolta-la a Spotify<\/a>!<\/p>\n<\/div><\/div>\n\n\n\n<div class=\"wp-block-media-text alignwide has-media-on-the-right is-stacked-on-mobile is-vertically-aligned-top\"><div class=\"wp-block-media-text__content\">\n<p><a href=\"https:\/\/www.novaconca.cat\/noticia\/152821\/avui-divendres-5-dagost-presentaran-el-nou-disc-afers-domestics-al-local-social-de-prenafe\">Nova Conca<\/a> (12 d&#8217;agost de 2022). L&#8217;entrevista amb&#8230; Afers dom\u00e8stics. Edici\u00f3 en paper.<\/p>\n<\/div><figure class=\"wp-block-media-text__media\"><img loading=\"lazy\" decoding=\"async\" width=\"735\" height=\"1024\" src=\"http:\/\/afersdomestics.cat\/wp-content\/uploads\/2022\/08\/Entrevista-premsa-735x1024.jpg\" alt=\"\" class=\"wp-image-590 size-full\" srcset=\"https:\/\/afersdomestics.cat\/wp-content\/uploads\/2022\/08\/Entrevista-premsa-735x1024.jpg 735w, https:\/\/afersdomestics.cat\/wp-content\/uploads\/2022\/08\/Entrevista-premsa-215x300.jpg 215w, https:\/\/afersdomestics.cat\/wp-content\/uploads\/2022\/08\/Entrevista-premsa-768x1070.jpg 768w, https:\/\/afersdomestics.cat\/wp-content\/uploads\/2022\/08\/Entrevista-premsa-1103x1536.jpg 1103w, https:\/\/afersdomestics.cat\/wp-content\/uploads\/2022\/08\/Entrevista-premsa.jpg 1148w\" sizes=\"auto, (max-width: 735px) 100vw, 735px\" \/><\/figure><\/div>\n\n\n\n<div class=\"wp-block-media-text alignwide is-stacked-on-mobile\"><figure class=\"wp-block-media-text__media\"><img loading=\"lazy\" decoding=\"async\" width=\"1024\" height=\"735\" src=\"http:\/\/afersdomestics.cat\/wp-content\/uploads\/2022\/07\/IMG_20220704_172436_239-1024x735.webp\" alt=\"\" class=\"wp-image-570 size-full\" srcset=\"https:\/\/afersdomestics.cat\/wp-content\/uploads\/2022\/07\/IMG_20220704_172436_239-1024x735.webp 1024w, https:\/\/afersdomestics.cat\/wp-content\/uploads\/2022\/07\/IMG_20220704_172436_239-300x215.webp 300w, https:\/\/afersdomestics.cat\/wp-content\/uploads\/2022\/07\/IMG_20220704_172436_239-768x552.webp 768w, https:\/\/afersdomestics.cat\/wp-content\/uploads\/2022\/07\/IMG_20220704_172436_239.webp 1242w\" sizes=\"auto, (max-width: 1024px) 100vw, 1024px\" \/><\/figure><div class=\"wp-block-media-text__content\">\n<p>El 9 Nou (4 de juliol de 2022). Afers Dom\u00e8stics omple el Casino amb el nou disc. Edici\u00f3 en paper<\/p>\n<\/div><\/div>\n\n\n\n<div class=\"wp-block-media-text alignwide has-media-on-the-right is-stacked-on-mobile\"><div class=\"wp-block-media-text__content\">\n<p>El 9 Nou (1 de juliol de 2022). Afers Dom\u00e8stics estrena disc. El grup presenta &#8220;De poemes i planes&#8221; aquest dissabte en un concert al Casino de Vic. Edici\u00f3 en paper<\/p>\n<\/div><figure class=\"wp-block-media-text__media\"><img loading=\"lazy\" decoding=\"async\" width=\"1024\" height=\"769\" src=\"http:\/\/afersdomestics.cat\/wp-content\/uploads\/2022\/07\/IMG_20220701_172712-1-1024x769.jpg\" alt=\"\" class=\"wp-image-564 size-full\" srcset=\"https:\/\/afersdomestics.cat\/wp-content\/uploads\/2022\/07\/IMG_20220701_172712-1-1024x769.jpg 1024w, https:\/\/afersdomestics.cat\/wp-content\/uploads\/2022\/07\/IMG_20220701_172712-1-300x225.jpg 300w, https:\/\/afersdomestics.cat\/wp-content\/uploads\/2022\/07\/IMG_20220701_172712-1-768x577.jpg 768w, https:\/\/afersdomestics.cat\/wp-content\/uploads\/2022\/07\/IMG_20220701_172712-1-1536x1153.jpg 1536w, https:\/\/afersdomestics.cat\/wp-content\/uploads\/2022\/07\/IMG_20220701_172712-1-2048x1538.jpg 2048w, https:\/\/afersdomestics.cat\/wp-content\/uploads\/2022\/07\/IMG_20220701_172712-1-960x720.jpg 960w, https:\/\/afersdomestics.cat\/wp-content\/uploads\/2022\/07\/IMG_20220701_172712-1-640x480.jpg 640w\" sizes=\"auto, (max-width: 1024px) 100vw, 1024px\" \/><\/figure><\/div>\n\n\n\n<div class=\"wp-block-media-text alignwide is-stacked-on-mobile\" style=\"grid-template-columns:24% auto\"><figure class=\"wp-block-media-text__media\"><img loading=\"lazy\" decoding=\"async\" width=\"768\" height=\"1024\" src=\"http:\/\/afersdomestics.cat\/wp-content\/uploads\/2022\/02\/IMG-20220218-WA0006-768x1024.jpg\" alt=\"\" class=\"wp-image-451 size-full\" srcset=\"https:\/\/afersdomestics.cat\/wp-content\/uploads\/2022\/02\/IMG-20220218-WA0006-768x1024.jpg 768w, https:\/\/afersdomestics.cat\/wp-content\/uploads\/2022\/02\/IMG-20220218-WA0006-225x300.jpg 225w, https:\/\/afersdomestics.cat\/wp-content\/uploads\/2022\/02\/IMG-20220218-WA0006-1152x1536.jpg 1152w, https:\/\/afersdomestics.cat\/wp-content\/uploads\/2022\/02\/IMG-20220218-WA0006.jpg 1200w\" sizes=\"auto, (max-width: 768px) 100vw, 768px\" \/><\/figure><div class=\"wp-block-media-text__content\">\n<p class=\"has-normal-font-size\">Nova Conca (18\/02\/2022). Nou disc d&#8217;Afers Dom\u00e8stics del prenefatenc Josep Ginesta. Edici\u00f3 en paper i en l\u00ednia: &lt;<a rel=\"noreferrer noopener\" href=\"https:\/\/www.novaconca.cat\/noticia\/148081\/nou-disc-dafers-domestics-del-prenafetenc-josep-ginesta\" target=\"_blank\">https:\/\/www.novaconca.cat\/noticia\/148081\/nou-disc-dafers-domestics-del-prenafetenc-josep-ginesta<\/a>&gt;<\/p>\n<\/div><\/div>\n\n\n\n<div class=\"wp-block-media-text alignwide has-media-on-the-right is-stacked-on-mobile\" style=\"grid-template-columns:auto 33%\"><div class=\"wp-block-media-text__content\">\n<p class=\"has-normal-font-size\">El9TV, entrevista al programa La Tramoia (16\/02\/2022), presentat per Jordi Sunyer. En l\u00ednia: &lt;<a href=\"https:\/\/el9nou.cat\/video\/la-clota-i-afers-domestics\/\" target=\"_blank\" rel=\"noreferrer noopener\">https:\/\/el9nou.cat\/video\/la-clota-i-afers-domestics\/<\/a>&gt;.<\/p>\n<\/div><figure class=\"wp-block-media-text__media\"><img loading=\"lazy\" decoding=\"async\" width=\"1024\" height=\"769\" src=\"http:\/\/afersdomestics.cat\/wp-content\/uploads\/2022\/02\/IMG_20220216_144148-1024x769.jpg\" alt=\"\" class=\"wp-image-447 size-full\" srcset=\"https:\/\/afersdomestics.cat\/wp-content\/uploads\/2022\/02\/IMG_20220216_144148-1024x769.jpg 1024w, https:\/\/afersdomestics.cat\/wp-content\/uploads\/2022\/02\/IMG_20220216_144148-300x225.jpg 300w, https:\/\/afersdomestics.cat\/wp-content\/uploads\/2022\/02\/IMG_20220216_144148-768x577.jpg 768w, https:\/\/afersdomestics.cat\/wp-content\/uploads\/2022\/02\/IMG_20220216_144148-1536x1153.jpg 1536w, https:\/\/afersdomestics.cat\/wp-content\/uploads\/2022\/02\/IMG_20220216_144148-2048x1538.jpg 2048w, https:\/\/afersdomestics.cat\/wp-content\/uploads\/2022\/02\/IMG_20220216_144148-960x720.jpg 960w, https:\/\/afersdomestics.cat\/wp-content\/uploads\/2022\/02\/IMG_20220216_144148-640x480.jpg 640w\" sizes=\"auto, (max-width: 1024px) 100vw, 1024px\" \/><\/figure><\/div>\n\n\n\n<div class=\"wp-block-media-text alignwide is-stacked-on-mobile\" style=\"grid-template-columns:21% auto\"><figure class=\"wp-block-media-text__media\"><img loading=\"lazy\" decoding=\"async\" width=\"769\" height=\"1024\" src=\"http:\/\/afersdomestics.cat\/wp-content\/uploads\/2022\/02\/IMG_20220212_112305-769x1024.jpg\" alt=\"\" class=\"wp-image-439 size-full\" srcset=\"https:\/\/afersdomestics.cat\/wp-content\/uploads\/2022\/02\/IMG_20220212_112305-769x1024.jpg 769w, https:\/\/afersdomestics.cat\/wp-content\/uploads\/2022\/02\/IMG_20220212_112305-225x300.jpg 225w, https:\/\/afersdomestics.cat\/wp-content\/uploads\/2022\/02\/IMG_20220212_112305-768x1023.jpg 768w, https:\/\/afersdomestics.cat\/wp-content\/uploads\/2022\/02\/IMG_20220212_112305-1153x1536.jpg 1153w, https:\/\/afersdomestics.cat\/wp-content\/uploads\/2022\/02\/IMG_20220212_112305-1538x2048.jpg 1538w, https:\/\/afersdomestics.cat\/wp-content\/uploads\/2022\/02\/IMG_20220212_112305-scaled.jpg 1922w\" sizes=\"auto, (max-width: 769px) 100vw, 769px\" \/><\/figure><div class=\"wp-block-media-text__content\">\n<p class=\"has-normal-font-size\"><strong>Enderrock<\/strong>. <a href=\"https:\/\/www.enderrock.cat\/quiosc\/exemplar\/559\">Revista en format paper<\/a>. &#8220;Novetats discogr\u00e0fiques&#8221; (n\u00fam. 327), febrer de 2022. <em>Resum del disc, Helena M. Alegret<\/em>. <\/p>\n<\/div><\/div>\n\n\n\n<div class=\"wp-block-media-text alignwide has-media-on-the-right is-stacked-on-mobile\"><div class=\"wp-block-media-text__content\">\n<p class=\"has-normal-font-size\"><strong>El 9 Nou<\/strong>. &#8220;Novetats discogr\u00e0fiques&#8221;. 4\/02\/2022. Edici\u00f3 en paper.<\/p>\n<\/div><figure class=\"wp-block-media-text__media\"><img loading=\"lazy\" decoding=\"async\" width=\"1024\" height=\"542\" src=\"http:\/\/afersdomestics.cat\/wp-content\/uploads\/2022\/02\/El9nou-1024x542.jpg\" alt=\"\" class=\"wp-image-430 size-full\" srcset=\"https:\/\/afersdomestics.cat\/wp-content\/uploads\/2022\/02\/El9nou-1024x542.jpg 1024w, https:\/\/afersdomestics.cat\/wp-content\/uploads\/2022\/02\/El9nou-300x159.jpg 300w, https:\/\/afersdomestics.cat\/wp-content\/uploads\/2022\/02\/El9nou-768x406.jpg 768w, https:\/\/afersdomestics.cat\/wp-content\/uploads\/2022\/02\/El9nou.jpg 1355w\" sizes=\"auto, (max-width: 1024px) 100vw, 1024px\" \/><\/figure><\/div>\n\n\n\n<div class=\"wp-block-media-text alignwide is-stacked-on-mobile\" style=\"grid-template-columns:41% auto\"><figure class=\"wp-block-media-text__media\"><a href=\"https:\/\/youtu.be\/lZDyrNzuGQs\"><img loading=\"lazy\" decoding=\"async\" width=\"581\" height=\"436\" src=\"http:\/\/afersdomestics.cat\/wp-content\/uploads\/2022\/02\/Videopoema_Confirmacio.jpg\" alt=\"\" class=\"wp-image-426 size-full\" srcset=\"https:\/\/afersdomestics.cat\/wp-content\/uploads\/2022\/02\/Videopoema_Confirmacio.jpg 581w, https:\/\/afersdomestics.cat\/wp-content\/uploads\/2022\/02\/Videopoema_Confirmacio-300x225.jpg 300w\" sizes=\"auto, (max-width: 581px) 100vw, 581px\" \/><\/a><\/figure><div class=\"wp-block-media-text__content\">\n<p class=\"has-normal-font-size\"><strong>Casa de la M\u00fasica de Manresa<\/strong>. &#8220;Afers Dom\u00e8stics presenten el videoclip de la seva m\u00e0gica can\u00e7\u00f3 <em>Confirmaci\u00f3 de la regla<\/em>&#8220;. 4\/02\/2022.<br>En l\u00ednia: &lt;<a rel=\"noreferrer noopener\" href=\"https:\/\/www.casadelamusica.cat\/index.php\/noticies\/12-noticies\/1480-20220204-afers-domestics-presenta-el-videoclip-de-confirmacio-de-la-regla\" target=\"_blank\">https:\/\/www.casadelamusica.cat\/index.php\/12-noticies\/1458-20220121-cm-records-afers-domestics<\/a>&gt;<\/p>\n<\/div><\/div>\n\n\n\n<div class=\"wp-block-media-text alignwide has-media-on-the-right is-stacked-on-mobile\" style=\"grid-template-columns:auto 28%\"><div class=\"wp-block-media-text__content\">\n<p class=\"has-normal-font-size\"><strong>Enderrock<\/strong>. &#8220;Llistem els llan\u00e7aments discogr\u00e0fics dels darrers dies&#8221;. 28\/01\/2022. En l\u00ednia: &lt;<a href=\"https:\/\/www.enderrock.cat\/noticia\/23873\/xarim-areste-ginesta-itaca-band-intana-entre-novetats-setmana\">https:\/\/www.enderrock.cat\/noticia\/23873\/xarim-areste-ginesta-itaca-band-intana-entre-novetats-setmana<\/a>&gt;<a href=\"https:\/\/www.enderrock.cat\/noticia\/23873\/xarim-areste-ginesta-itaca-band-intana-entre-novetats-setmana\"><\/a><\/p>\n<\/div><figure class=\"wp-block-media-text__media\"><a href=\"https:\/\/www.enderrock.cat\/noticia\/23873\/xarim-areste-ginesta-itaca-band-intana-entre-novetats-setmana\"><img loading=\"lazy\" decoding=\"async\" width=\"454\" height=\"439\" src=\"http:\/\/afersdomestics.cat\/wp-content\/uploads\/2022\/01\/NovetatsDiscografiques-edited.jpg\" alt=\"\" class=\"wp-image-405 size-full\" srcset=\"https:\/\/afersdomestics.cat\/wp-content\/uploads\/2022\/01\/NovetatsDiscografiques-edited.jpg 454w, https:\/\/afersdomestics.cat\/wp-content\/uploads\/2022\/01\/NovetatsDiscografiques-edited-300x290.jpg 300w\" sizes=\"auto, (max-width: 454px) 100vw, 454px\" \/><\/a><\/figure><\/div>\n\n\n\n<div class=\"wp-block-media-text alignwide is-stacked-on-mobile\" style=\"grid-template-columns:30% auto\"><figure class=\"wp-block-media-text__media\"><a href=\"https:\/\/www.enderrock.cat\/disc\/9298\/poemes-planes\"><img loading=\"lazy\" decoding=\"async\" width=\"876\" height=\"604\" src=\"http:\/\/afersdomestics.cat\/wp-content\/uploads\/2022\/01\/Enderrock_Disc.jpg\" alt=\"\" class=\"wp-image-413 size-full\" srcset=\"https:\/\/afersdomestics.cat\/wp-content\/uploads\/2022\/01\/Enderrock_Disc.jpg 876w, https:\/\/afersdomestics.cat\/wp-content\/uploads\/2022\/01\/Enderrock_Disc-300x207.jpg 300w, https:\/\/afersdomestics.cat\/wp-content\/uploads\/2022\/01\/Enderrock_Disc-768x530.jpg 768w\" sizes=\"auto, (max-width: 876px) 100vw, 876px\" \/><\/a><\/figure><div class=\"wp-block-media-text__content\">\n<p class=\"has-normal-font-size\"><strong>Enderrock<\/strong>. &#8220;De poemes i planes, d&#8217;Afers Dom\u00e8stics&#8221;. 21\/01\/2022. En l\u00ednia: &lt;<a href=\"https:\/\/www.enderrock.cat\/disc\/9298\/poemes-planes\">https:\/\/www.enderrock.cat\/noticia\/23873\/xarim-areste-ginesta-itaca-band-intana-entre-novetats-setmana<\/a>&gt;<\/p>\n<\/div><\/div>\n\n\n\n<div class=\"wp-block-media-text alignwide has-media-on-the-right is-stacked-on-mobile\" style=\"grid-template-columns:auto 28%\"><div class=\"wp-block-media-text__content\">\n<p class=\"has-normal-font-size\"><strong>Casa de la M\u00fasica de Manresa<\/strong>. &#8220;Afers Dom\u00e8stics presenten el seu segon \u00e0lbum replet de poemes musicats, <em>De poemes i planes<\/em>&#8220;. 21\/01\/2022.<br>En l\u00ednia: &lt;<a rel=\"noreferrer noopener\" href=\"https:\/\/www.casadelamusica.cat\/index.php\/12-noticies\/1458-20220121-cm-records-afers-domestics\" target=\"_blank\">https:\/\/www.casadelamusica.cat\/index.php\/12-noticies\/1458-20220121-cm-records-afers-domestics<\/a>&gt;<\/p>\n<\/div><figure class=\"wp-block-media-text__media\"><a href=\"https:\/\/www.casadelamusica.cat\/index.php\/noticies\/12-noticies\/1458-20220121-cm-records-afers-domestics\"><img loading=\"lazy\" decoding=\"async\" width=\"585\" height=\"491\" src=\"http:\/\/afersdomestics.cat\/wp-content\/uploads\/2022\/01\/NouDisc_CasesMusicaManresa.jpg\" alt=\"\" class=\"wp-image-406 size-full\" srcset=\"https:\/\/afersdomestics.cat\/wp-content\/uploads\/2022\/01\/NouDisc_CasesMusicaManresa.jpg 585w, https:\/\/afersdomestics.cat\/wp-content\/uploads\/2022\/01\/NouDisc_CasesMusicaManresa-300x252.jpg 300w\" sizes=\"auto, (max-width: 585px) 100vw, 585px\" \/><\/a><\/figure><\/div>\n\n\n\n<div class=\"wp-block-media-text alignwide is-stacked-on-mobile\" style=\"grid-template-columns:25% auto\"><figure class=\"wp-block-media-text__media\"><a href=\"https:\/\/www.salze.cat\/2021\/12\/17\/bertolucciada\/\"><img loading=\"lazy\" decoding=\"async\" width=\"1024\" height=\"768\" src=\"http:\/\/afersdomestics.cat\/wp-content\/uploads\/2022\/01\/IMG-20211216-WA0008-1024x768.jpg\" alt=\"\" class=\"wp-image-330 size-full\" srcset=\"https:\/\/afersdomestics.cat\/wp-content\/uploads\/2022\/01\/IMG-20211216-WA0008-1024x768.jpg 1024w, https:\/\/afersdomestics.cat\/wp-content\/uploads\/2022\/01\/IMG-20211216-WA0008-300x225.jpg 300w, https:\/\/afersdomestics.cat\/wp-content\/uploads\/2022\/01\/IMG-20211216-WA0008-768x576.jpg 768w, https:\/\/afersdomestics.cat\/wp-content\/uploads\/2022\/01\/IMG-20211216-WA0008-1536x1152.jpg 1536w, https:\/\/afersdomestics.cat\/wp-content\/uploads\/2022\/01\/IMG-20211216-WA0008-960x720.jpg 960w, https:\/\/afersdomestics.cat\/wp-content\/uploads\/2022\/01\/IMG-20211216-WA0008-640x480.jpg 640w, https:\/\/afersdomestics.cat\/wp-content\/uploads\/2022\/01\/IMG-20211216-WA0008.jpg 2000w\" sizes=\"auto, (max-width: 1024px) 100vw, 1024px\" \/><\/a><\/figure><div class=\"wp-block-media-text__content\">\n<p class=\"has-normal-font-size\"><strong>Salze Editorial<\/strong>. &#8220;S&#8217;haur\u00e0 tot acabat encara un altra vegada&#8221;. 17\/12\/2021.<br>En l\u00ednia: &lt;<a rel=\"noreferrer noopener\" href=\"https:\/\/www.salze.cat\/2021\/12\/17\/bertolucciada\/\" target=\"_blank\">https:\/\/www.salze.cat\/2021\/12\/17\/bertolucciada\/&gt;<\/a><\/p>\n<\/div><\/div>\n\n\n\n<p><\/p>\n","protected":false},"excerpt":{"rendered":"<p>Nova Conca (23 d&#8217;octubre de 2025). Afers Dom\u00e8stics, amb arrels a Prenafeta, entre els 25 finalistes del Certamen Terra i Cultura d\u2019aquest any: amb el poema musicat &#8220;Lluny&#8221; del poeta<a href=\"https:\/\/afersdomestics.cat\/index.php\/que-sen-diu-de-nosaltres\/\" class=\"more-link\"><span class=\"readmore\">Si vols saber-ne m\u00e9s&#8230;<span class=\"screen-reader-text\">Qu\u00e8 se&#8217;n diu de nosaltres?<\/span><\/span><\/a><\/p>\n","protected":false},"author":1,"featured_media":0,"parent":0,"menu_order":6,"comment_status":"closed","ping_status":"closed","template":"","meta":{"footnotes":""},"class_list":["post-428","page","type-page","status-publish","hentry"],"_links":{"self":[{"href":"https:\/\/afersdomestics.cat\/index.php\/wp-json\/wp\/v2\/pages\/428","targetHints":{"allow":["GET"]}}],"collection":[{"href":"https:\/\/afersdomestics.cat\/index.php\/wp-json\/wp\/v2\/pages"}],"about":[{"href":"https:\/\/afersdomestics.cat\/index.php\/wp-json\/wp\/v2\/types\/page"}],"author":[{"embeddable":true,"href":"https:\/\/afersdomestics.cat\/index.php\/wp-json\/wp\/v2\/users\/1"}],"replies":[{"embeddable":true,"href":"https:\/\/afersdomestics.cat\/index.php\/wp-json\/wp\/v2\/comments?post=428"}],"version-history":[{"count":30,"href":"https:\/\/afersdomestics.cat\/index.php\/wp-json\/wp\/v2\/pages\/428\/revisions"}],"predecessor-version":[{"id":1261,"href":"https:\/\/afersdomestics.cat\/index.php\/wp-json\/wp\/v2\/pages\/428\/revisions\/1261"}],"wp:attachment":[{"href":"https:\/\/afersdomestics.cat\/index.php\/wp-json\/wp\/v2\/media?parent=428"}],"curies":[{"name":"wp","href":"https:\/\/api.w.org\/{rel}","templated":true}]}}