{"id":36,"date":"2021-01-05T11:00:00","date_gmt":"2021-01-05T11:00:00","guid":{"rendered":"http:\/\/afersdomestics.cat\/?page_id=36"},"modified":"2024-09-22T12:33:10","modified_gmt":"2024-09-22T12:33:10","slug":"discs","status":"publish","type":"page","link":"https:\/\/afersdomestics.cat\/index.php\/discs\/","title":{"rendered":"Discs per degustar"},"content":{"rendered":"\n<p><a>Sortirem dels racons foscos (2024)<\/a><\/p>\n\n\n\n<figure class=\"wp-block-table\"><table class=\"has-fixed-layout\"><tbody><tr><td><br><img decoding=\"async\" style=\"width: 350px;\" src=\"https:\/\/afersdomestics.cat\/wp-content\/uploads\/2024\/09\/Portada_AfersDomestics_Sortiremdelsraconsfoscos-1-1024x1024.jpg\" alt=\"\"><\/td><td>&#8220;Sortirem dels racons foscos&#8221; \u00e9s el segon treball de poesia musicada d&#8217;Afers Dom\u00e8stics estrenat a totes les plataformes digitals el 20 de setembre de 2024, a les portes de la tardor. Es composa de 15 poemes musicats de 9 poetes a cavall de Catalunya (i molt especialment de la comarca d&#8217;Osona) i del Pa\u00eds Valenci\u00e0. <br><br><\/td><\/tr><\/tbody><\/table><\/figure>\n\n\n\n<figure class=\"wp-block-table\"><table class=\"has-fixed-layout\"><tbody><tr><td>\u00a9 Afers Dom\u00e8stics. Octubre 2024.<br>\u00a9 Poemes musicats per J. Ginesta. Afers Dom\u00e8stics.<br>\u00a9 Poemes (lletra): Fulla per fulla (poema de Miquel Mart\u00ed i Pol), El Crit i Ser\u00e9 de tu (poemes de Susanna Lliber\u00f3s), Els meus morts (poema de Marc Granell), L&#8217;arbre de la vida i Ulls de gla\u00e7 (poemes de Jordi Sol\u00e0 Coll), El mur i jo i Sortirem dels racons foscos (poemes de Jordi Homs Forcada), Una cadira en la boira (poema de Marta Vilardaga), Pinyol i Lluny (poemes de Josep Porcar), Enll\u00e0 del foc i Mirall en el mirall (Maria Josep Escriv\u00e0)<br>Productor: Ricard Puigdom\u00e8nech.<br>Distribuci\u00f3 plataformes digitals: Cases de la M\u00fasica (Manresa).<\/td><\/tr><\/tbody><\/table><figcaption class=\"wp-element-caption\">Can\u00e7ons del disc &#8220;Sortirem dels racons foscos&#8221; (2024)<\/figcaption><\/figure>\n\n\n\n<figure class=\"wp-block-embed aligncenter is-type-rich is-provider-spotify wp-block-embed-spotify wp-embed-aspect-21-9 wp-has-aspect-ratio\"><div class=\"wp-block-embed__wrapper\">\n<iframe title=\"Spotify Embed: Afers Dom\u00e8stics\" style=\"border-radius: 12px\" width=\"100%\" height=\"352\" frameborder=\"0\" allowfullscreen allow=\"autoplay; clipboard-write; encrypted-media; fullscreen; picture-in-picture\" loading=\"lazy\" src=\"https:\/\/open.spotify.com\/embed\/artist\/7AodWzLqp5zD3CpMQnZ7Hh?si=-GaW64aVRO-aOKjtSFTYDg&#038;utm_source=oembed\"><\/iframe>\n<\/div><\/figure>\n\n\n\n<div class=\"wp-block-buttons is-layout-flex wp-block-buttons-is-layout-flex\">\n<div class=\"wp-block-button\"><a class=\"wp-block-button__link wp-element-button\">De poemes i planes (2022)<\/a><\/div>\n<\/div>\n\n\n\n<figure class=\"wp-block-table\"><table><thead><tr><th class=\"has-text-align-left\" data-align=\"left\"> <img loading=\"lazy\" decoding=\"async\" width=\"50\" height=\"51\" class=\"wp-image-271\" style=\"width: 50px;\" src=\"http:\/\/afersdomestics.cat\/wp-content\/uploads\/2022\/01\/regalxWeb.png\" alt=\"\" srcset=\"https:\/\/afersdomestics.cat\/wp-content\/uploads\/2022\/01\/regalxWeb.png 549w, https:\/\/afersdomestics.cat\/wp-content\/uploads\/2022\/01\/regalxWeb-294x300.png 294w, https:\/\/afersdomestics.cat\/wp-content\/uploads\/2022\/01\/regalxWeb-150x150.png 150w, https:\/\/afersdomestics.cat\/wp-content\/uploads\/2022\/01\/regalxWeb-180x180.png 180w\" sizes=\"auto, (max-width: 50px) 100vw, 50px\" \/><a rel=\"noreferrer noopener\" href=\"https:\/\/afersdomestics.bandcamp.com\/album\/de-poemes-i-planes\" data-type=\"URL\" data-id=\"https:\/\/afersdomestics.bandcamp.com\/album\/de-poemes-i-planes\" target=\"_blank\"> Regala&#8217;l<\/a> (en digital, a trav\u00e9s de la Bandcamp)<br><br><\/th><th class=\"has-text-align-left\" data-align=\"left\">CD digital<br><br>CD f\u00edsic (a llibreries). <br>Vic: <a rel=\"noreferrer noopener\" href=\"https:\/\/www.instagram.com\/angladallibreriavic\/\" data-type=\"URL\" data-id=\"https:\/\/www.instagram.com\/angladallibreriavic\/\" target=\"_blank\">Anglada<\/a>, <a rel=\"noreferrer noopener\" href=\"https:\/\/www.llibreriafosterandwallace.cat\/\" data-type=\"URL\" data-id=\"https:\/\/www.llibreriafosterandwallace.cat\/\" target=\"_blank\">Foster &amp; Wallace<\/a> i <a rel=\"noreferrer noopener\" href=\"https:\/\/www.mater.cat\/\" data-type=\"URL\" data-id=\"https:\/\/www.mater.cat\/\" target=\"_blank\">Mater<\/a>. <br>Barcelona: Ona Llibreria (a botiga o compra <a rel=\"noreferrer noopener\" href=\"https:\/\/onallibres.cat\/botiga\/cd-de-poemes-i-planes\" data-type=\"URL\" data-id=\"https:\/\/onallibres.cat\/botiga\/cd-de-poemes-i-planes\" target=\"_blank\">en l\u00ednia<\/a>). <br>Castell\u00f3 de la Plana.<br>Montblanc: <a rel=\"noreferrer noopener\" href=\"https:\/\/www.facebook.com\/profile.php?id=100057504337479\" data-type=\"URL\" data-id=\"https:\/\/www.facebook.com\/profile.php?id=100057504337479\" target=\"_blank\">Requesens<\/a> i <a rel=\"noreferrer noopener\" href=\"https:\/\/www.instagram.com\/labaldufa.montblanc\/\" data-type=\"URL\" data-id=\"https:\/\/www.instagram.com\/labaldufa.montblanc\/\" target=\"_blank\">La Baldufa<\/a>.<br>O b\u00e9: <a href=\"http:\/\/afersdomestics.cat\/index.php\/contacte\/\" data-type=\"URL\" data-id=\"http:\/\/afersdomestics.cat\/index.php\/contacte\/\">Reserva&#8217;l des d&#8217;aqu\u00ed<\/a> i te l&#8217;enviem a casa.<\/th><\/tr><\/thead><tbody><tr><td class=\"has-text-align-left\" data-align=\"left\"><img loading=\"lazy\" decoding=\"async\" width=\"350\" height=\"350\" class=\"wp-image-173\" style=\"width: 350px;\" src=\"http:\/\/afersdomestics.cat\/wp-content\/uploads\/2022\/01\/Portada_AD-scaled.jpg\" alt=\"\" srcset=\"https:\/\/afersdomestics.cat\/wp-content\/uploads\/2022\/01\/Portada_AD-scaled.jpg 2560w, https:\/\/afersdomestics.cat\/wp-content\/uploads\/2022\/01\/Portada_AD-300x300.jpg 300w, https:\/\/afersdomestics.cat\/wp-content\/uploads\/2022\/01\/Portada_AD-1024x1024.jpg 1024w, https:\/\/afersdomestics.cat\/wp-content\/uploads\/2022\/01\/Portada_AD-150x150.jpg 150w, https:\/\/afersdomestics.cat\/wp-content\/uploads\/2022\/01\/Portada_AD-768x768.jpg 768w, https:\/\/afersdomestics.cat\/wp-content\/uploads\/2022\/01\/Portada_AD-1536x1536.jpg 1536w, https:\/\/afersdomestics.cat\/wp-content\/uploads\/2022\/01\/Portada_AD-2048x2048.jpg 2048w, https:\/\/afersdomestics.cat\/wp-content\/uploads\/2022\/01\/Portada_AD-640x640.jpg 640w, https:\/\/afersdomestics.cat\/wp-content\/uploads\/2022\/01\/Portada_AD-180x180.jpg 180w\" sizes=\"auto, (max-width: 350px) 100vw, 350px\" \/><\/td><td class=\"has-text-align-left\" data-align=\"left\">\u201cDe poemes i planes\u201d, el nom d\u2019aquest segon treball estrenat el 21 de gener de 2022 (disc digital) i del que s\u2019ha enregistrat en estudi gr\u00e0cies als <a rel=\"noreferrer noopener\" href=\"https:\/\/www.casadelamusica.cat\/index.php\/fitxes-artistes\/828-afers-domestics\" data-type=\"URL\" data-id=\"https:\/\/www.casadelamusica.cat\/index.php\/fitxes-artistes\/828-afers-domestics\" target=\"_blank\">Ajuts a la creaci\u00f3 2021 de Cases de la M\u00fasica (Manresa)<\/a>, \u00e9s un recull de 8 poemes musicats que tenen diversos elements en com\u00fa: l\u2019amistat, la geografia, el m\u00f3n rural, la literatura, la natura, les flors\u2026 Tots ells mesclen a la perfecci\u00f3 i s\u00f3n l\u2019acompanyament musical perfecte per gaudir de moments \u00edntims en bona companyia i maridats amb un bon vi. I aix\u00ed, d\u2019aquesta manera tant natural, tres comarques de la nostra Terra es donen la m\u00e0: Osona, Plana Alta i Conca de Barber\u00e0.<\/td><\/tr><\/tbody><\/table><figcaption class=\"wp-element-caption\">Can\u00e7ons del disc &#8220;De poemes i planes&#8221; (2022)<\/figcaption><\/figure>\n\n\n\n<figure class=\"wp-block-embed aligncenter is-type-rich is-provider-spotify wp-block-embed-spotify wp-embed-aspect-21-9 wp-has-aspect-ratio\"><div class=\"wp-block-embed__wrapper\">\n<iframe title=\"Spotify Embed: De poemes i planes\" style=\"border-radius: 12px\" width=\"100%\" height=\"352\" frameborder=\"0\" allowfullscreen allow=\"autoplay; clipboard-write; encrypted-media; fullscreen; picture-in-picture\" loading=\"lazy\" src=\"https:\/\/open.spotify.com\/embed\/album\/0G7RO1tgYHmHYreFGaOzia?si=0aa5xZwYRiuYa6A5du97gw&#038;context=spotify%3Aalbum%3A0G7RO1tgYHmHYreFGaOzia&#038;utm_source=oembed\"><\/iframe>\n<\/div><\/figure>\n\n\n\n<p>01. <strong>90\u00ba<\/strong>, poema de Josep Porcar (3:29)<br>02. <strong>Vol d\u2019\u00e0ngels<\/strong> (poema &#8220;Piano&#8221; de Josep Porcar) (3:01)<br>03. <strong>Cuques de llum<\/strong> (poema de Marta Vilardaga) (3:10)<br>04. <strong>Confirmaci\u00f3 de la regla<\/strong> (poema de Josep Porcar) (2:47)<br>05. <strong>Llavis de rom<\/strong> (poema de Marta Vilardaga) (2:17)<br>06. <strong>Cos diferit<\/strong> (poema de Josep Porcar) (3:12)<br>07. <strong>Postals de platja<\/strong> (poemes de Josep Porcar) (1:45)<br>08. <strong>Espaitemps<\/strong> (poema de Josep Porcar) (3:24)<\/p>\n\n\n\n<p>\u00a9 Afers Dom\u00e8stics. Gener 2022. <br>\u00a9 Poemes musicats per J. Ginesta (90\u00ba, Cuques de llum, Confirmaci\u00f3 de la regla, Llavis de rom, Cos diferit, Postals de platja, Espaitemps) i per N. Ca\u00f1ellas (Vol d\u2019\u00e0ngels -Piano-, Espaitemps). Afers Dom\u00e8stics.<br>\u00a9 Poemes (lletra): 90\u00ba, Piano, Confirmaci\u00f3 de la regla, Cos diferit, Postals de platja, Espaitemps (poemes de Josep Porcar); Cuques de llum, Llavis de rom (poemes de Marta Vilardaga)<\/p>\n\n\n\n<div class=\"wp-block-buttons is-layout-flex wp-block-buttons-is-layout-flex\">\n<div class=\"wp-block-button\"><a class=\"wp-block-button__link wp-element-button\">CONFINATS AMB SABATILLES (2021)<\/a><\/div>\n<\/div>\n\n\n\n<figure class=\"wp-block-table\"><table><thead><tr><th><img loading=\"lazy\" decoding=\"async\" width=\"50\" height=\"51\" class=\"wp-image-271\" style=\"width: 50px;\" src=\"http:\/\/afersdomestics.cat\/wp-content\/uploads\/2022\/01\/regalxWeb.png\" alt=\"\" srcset=\"https:\/\/afersdomestics.cat\/wp-content\/uploads\/2022\/01\/regalxWeb.png 549w, https:\/\/afersdomestics.cat\/wp-content\/uploads\/2022\/01\/regalxWeb-294x300.png 294w, https:\/\/afersdomestics.cat\/wp-content\/uploads\/2022\/01\/regalxWeb-150x150.png 150w, https:\/\/afersdomestics.cat\/wp-content\/uploads\/2022\/01\/regalxWeb-180x180.png 180w\" sizes=\"auto, (max-width: 50px) 100vw, 50px\" \/> <a href=\"https:\/\/afersdomestics.bandcamp.com\/album\/confinats-amb-sabatilles-2\" data-type=\"URL\" data-id=\"https:\/\/afersdomestics.bandcamp.com\/album\/confinats-amb-sabatilles-2\"><span class=\"has-inline-color has-gold-color\"><strong>Regala&#8217;l<\/strong><\/span><\/a> <\/th><th>Disc digital (Bandcamp)<\/th><\/tr><\/thead><tbody><tr><td><img loading=\"lazy\" decoding=\"async\" width=\"350\" height=\"350\" class=\"wp-image-178\" style=\"width: 350px;\" src=\"http:\/\/afersdomestics.cat\/wp-content\/uploads\/2022\/01\/Portada_Disc1_ConfinatsSabatilles.jpg\" alt=\"\" srcset=\"https:\/\/afersdomestics.cat\/wp-content\/uploads\/2022\/01\/Portada_Disc1_ConfinatsSabatilles.jpg 1200w, https:\/\/afersdomestics.cat\/wp-content\/uploads\/2022\/01\/Portada_Disc1_ConfinatsSabatilles-300x300.jpg 300w, https:\/\/afersdomestics.cat\/wp-content\/uploads\/2022\/01\/Portada_Disc1_ConfinatsSabatilles-1024x1024.jpg 1024w, https:\/\/afersdomestics.cat\/wp-content\/uploads\/2022\/01\/Portada_Disc1_ConfinatsSabatilles-150x150.jpg 150w, https:\/\/afersdomestics.cat\/wp-content\/uploads\/2022\/01\/Portada_Disc1_ConfinatsSabatilles-768x768.jpg 768w, https:\/\/afersdomestics.cat\/wp-content\/uploads\/2022\/01\/Portada_Disc1_ConfinatsSabatilles-640x640.jpg 640w, https:\/\/afersdomestics.cat\/wp-content\/uploads\/2022\/01\/Portada_Disc1_ConfinatsSabatilles-180x180.jpg 180w\" sizes=\"auto, (max-width: 350px) 100vw, 350px\" \/><\/td><td>&#8220;Confinats amb sabatilles&#8221; \u00e9s un \u00e0lbum musical i familiar que d\u00f3na llum a Afers Dom\u00e8stics i al seu primer treball autoeditat. Agrupa quinze can\u00e7ons que han estat gravades a casa durant el 2020, a partir del confinament del 14 de mar\u00e7 i fins el desembre del mateix any. D&#8217;estil variat, s&#8217;hi troben can\u00e7ons cantades per infants, una can\u00e7\u00f3 de bressol, una nadala, una can\u00e7\u00f3 dedicada als professionals dels arxius i una altra als professionals sanitaris, i fins i tot una recepta de Pasqua musicada. \u00c9s un \u00e0lbum dedicat a la fam\u00edlia i amics amb els qui va ser complicat veure&#8217;s durant tot el confinament i tamb\u00e9 a totes les fam\u00edlies que van patir de ben a prop la pand\u00e8mia i a les persones que ho van donar tot per ajudar-les.<\/td><\/tr><\/tbody><\/table><figcaption class=\"wp-element-caption\">Can\u00e7ons del disc &#8220;Confinats amb sabatilles&#8221; (2021)<\/figcaption><\/figure>\n\n\n\n<figure class=\"wp-block-embed aligncenter is-type-rich is-provider-spotify wp-block-embed-spotify wp-embed-aspect-21-9 wp-has-aspect-ratio\"><div class=\"wp-block-embed__wrapper\">\n<iframe title=\"Spotify Embed: Confinats amb sabatilles\" style=\"border-radius: 12px\" width=\"100%\" height=\"352\" frameborder=\"0\" allowfullscreen allow=\"autoplay; clipboard-write; encrypted-media; fullscreen; picture-in-picture\" loading=\"lazy\" src=\"https:\/\/open.spotify.com\/embed\/album\/4lUleEKshQIbKjeZIR2THI?si=FV_yCYVNSbKR4JvLCPBNow&#038;context=spotify%3Aalbum%3A4lUleEKshQIbKjeZIR2THI&#038;utm_source=oembed\"><\/iframe>\n<\/div><\/figure>\n\n\n\n<p>01. <strong>Confinats amb sabatilles<\/strong> (01:03)<br>02. <strong>No puc m\u00e9s<\/strong> (01:48)<br>03. <strong>Diuen <\/strong>(01:53)<br>04. <strong>Mona rodona<\/strong> (02:02)<br>05. <strong>Confirmaci\u00f3 de la regla<\/strong> (poema de Josep Porcar) (02:44)<br>06. <strong>Lluna de pa d&#8217;\u00e0ngel<\/strong> (01:58)<br>07. <strong>Primavera <\/strong>(instrumental) (01:00)<br>08. <strong>Tinc un jard\u00ed<\/strong> (03:17)<br>09. <strong>Une Archive c&#8217;est\u2026<\/strong> (01:42)<br>10. <strong>Monsieur Sim\u00f3n<\/strong> (02:22)<br>11. <strong>Nous horitzons<\/strong> (01:28)<br>12. <strong>Records d&#8217;estiu<\/strong> (01:33)<br>13. <strong>Tardor incerta<\/strong> (instrumental) (01:36)<br>14. <strong>El millor regal<\/strong> (03:12)<br>15. <strong>Jingle bells<\/strong> (instrumental) (01:02)<\/p>\n\n\n\n<p>\u00a9 Afers Dom\u00e8stics. Desembre 2020.<br>Composat, produ\u00eft, mesclat, gravat, dissenyat i editat per Afers Dom\u00e8stics a \u201cEstudi Can Poll Tossut &#8211; La Guixa\u201d. Dibuix de la portada del disc en digital: X\u00e8nia Serra Ca\u00f1ellas<\/p>\n\n\n\n<p><\/p>\n","protected":false},"excerpt":{"rendered":"<p>Sortirem dels racons foscos (2024) &#8220;Sortirem dels racons foscos&#8221; \u00e9s el segon treball de poesia musicada d&#8217;Afers Dom\u00e8stics estrenat a totes les plataformes digitals el 20 de setembre de 2024,<a href=\"https:\/\/afersdomestics.cat\/index.php\/discs\/\" class=\"more-link\"><span class=\"readmore\">Si vols saber-ne m\u00e9s&#8230;<span class=\"screen-reader-text\">Discs per degustar<\/span><\/span><\/a><\/p>\n","protected":false},"author":1,"featured_media":99,"parent":0,"menu_order":1,"comment_status":"closed","ping_status":"closed","template":"templates\/no-sidebar.php","meta":{"footnotes":""},"class_list":["post-36","page","type-page","status-publish","has-post-thumbnail","hentry"],"_links":{"self":[{"href":"https:\/\/afersdomestics.cat\/index.php\/wp-json\/wp\/v2\/pages\/36","targetHints":{"allow":["GET"]}}],"collection":[{"href":"https:\/\/afersdomestics.cat\/index.php\/wp-json\/wp\/v2\/pages"}],"about":[{"href":"https:\/\/afersdomestics.cat\/index.php\/wp-json\/wp\/v2\/types\/page"}],"author":[{"embeddable":true,"href":"https:\/\/afersdomestics.cat\/index.php\/wp-json\/wp\/v2\/users\/1"}],"replies":[{"embeddable":true,"href":"https:\/\/afersdomestics.cat\/index.php\/wp-json\/wp\/v2\/comments?post=36"}],"version-history":[{"count":56,"href":"https:\/\/afersdomestics.cat\/index.php\/wp-json\/wp\/v2\/pages\/36\/revisions"}],"predecessor-version":[{"id":1116,"href":"https:\/\/afersdomestics.cat\/index.php\/wp-json\/wp\/v2\/pages\/36\/revisions\/1116"}],"wp:featuredmedia":[{"embeddable":true,"href":"https:\/\/afersdomestics.cat\/index.php\/wp-json\/wp\/v2\/media\/99"}],"wp:attachment":[{"href":"https:\/\/afersdomestics.cat\/index.php\/wp-json\/wp\/v2\/media?parent=36"}],"curies":[{"name":"wp","href":"https:\/\/api.w.org\/{rel}","templated":true}]}}