{"id":327,"date":"2022-01-12T19:55:00","date_gmt":"2022-01-12T19:55:00","guid":{"rendered":"http:\/\/afersdomestics.cat\/?page_id=327"},"modified":"2025-09-29T18:52:28","modified_gmt":"2025-09-29T18:52:28","slug":"actuacions","status":"publish","type":"page","link":"https:\/\/afersdomestics.cat\/index.php\/actuacions\/","title":{"rendered":"Actuacions musicals"},"content":{"rendered":"\n<pre class=\"wp-block-verse has-text-align-center has-gold-color has-white-background-color has-text-color has-background\">\"Segur com mai que l'\u00fanica esperan\u00e7a de sobreviure <br>\u00e9s estimar amb prou for\u00e7a per convertir tot el que fem en vida\" (M. Mart\u00ed i Pol)<\/pre>\n\n\n\n<p><\/p>\n\n\n\n<div class=\"wp-block-media-text alignwide is-stacked-on-mobile\" style=\"grid-template-columns:38% auto\"><figure class=\"wp-block-media-text__media\"><img loading=\"lazy\" decoding=\"async\" width=\"1024\" height=\"577\" src=\"https:\/\/afersdomestics.cat\/wp-content\/uploads\/2025\/09\/IMG_20250802_212415_web-1-1024x577.jpg\" alt=\"\" class=\"wp-image-1180 size-full\" srcset=\"https:\/\/afersdomestics.cat\/wp-content\/uploads\/2025\/09\/IMG_20250802_212415_web-1-1024x577.jpg 1024w, https:\/\/afersdomestics.cat\/wp-content\/uploads\/2025\/09\/IMG_20250802_212415_web-1-300x169.jpg 300w, https:\/\/afersdomestics.cat\/wp-content\/uploads\/2025\/09\/IMG_20250802_212415_web-1-768x433.jpg 768w, https:\/\/afersdomestics.cat\/wp-content\/uploads\/2025\/09\/IMG_20250802_212415_web-1-1536x865.jpg 1536w, https:\/\/afersdomestics.cat\/wp-content\/uploads\/2025\/09\/IMG_20250802_212415_web-1-2048x1154.jpg 2048w, https:\/\/afersdomestics.cat\/wp-content\/uploads\/2025\/09\/IMG_20250802_212415_web-1-1920x1080.jpg 1920w\" sizes=\"auto, (max-width: 1024px) 100vw, 1024px\" \/><\/figure><div class=\"wp-block-media-text__content\">\n<p class=\"has-text-align-right\">Dissabte, 2 d&#8217;agost de 2025 (20h)<br>Concert de poesia i m\u00fasica amb Afers Dom\u00e8stics<br>Festa Major de Prenafeta<\/p>\n\n\n\n<p class=\"has-text-align-right\"><\/p>\n<\/div><\/div>\n\n\n\n<div class=\"wp-block-media-text alignwide is-stacked-on-mobile\" style=\"grid-template-columns:38% auto\"><figure class=\"wp-block-media-text__media\"><img loading=\"lazy\" decoding=\"async\" width=\"1024\" height=\"576\" src=\"https:\/\/afersdomestics.cat\/wp-content\/uploads\/2025\/09\/IMG-20250730-WA0006-1024x576.jpg\" alt=\"\" class=\"wp-image-1185 size-full\" srcset=\"https:\/\/afersdomestics.cat\/wp-content\/uploads\/2025\/09\/IMG-20250730-WA0006-1024x576.jpg 1024w, https:\/\/afersdomestics.cat\/wp-content\/uploads\/2025\/09\/IMG-20250730-WA0006-300x169.jpg 300w, https:\/\/afersdomestics.cat\/wp-content\/uploads\/2025\/09\/IMG-20250730-WA0006-768x432.jpg 768w, https:\/\/afersdomestics.cat\/wp-content\/uploads\/2025\/09\/IMG-20250730-WA0006-1536x864.jpg 1536w, https:\/\/afersdomestics.cat\/wp-content\/uploads\/2025\/09\/IMG-20250730-WA0006-990x556.jpg 990w, https:\/\/afersdomestics.cat\/wp-content\/uploads\/2025\/09\/IMG-20250730-WA0006.jpg 1600w\" sizes=\"auto, (max-width: 1024px) 100vw, 1024px\" \/><\/figure><div class=\"wp-block-media-text__content\">\n<p class=\"has-text-align-right\">Dijous, 19 de juny de 2025 (20h)<br>Poesia per Palestina a la Jazz Cava de Vic<br>Poemes recitats i cantats per Afers Dom\u00e8stics<\/p>\n\n\n\n<p class=\"has-text-align-right\"><\/p>\n<\/div><\/div>\n\n\n\n<div class=\"wp-block-media-text alignwide is-stacked-on-mobile\" style=\"grid-template-columns:38% auto\"><figure class=\"wp-block-media-text__media\"><img loading=\"lazy\" decoding=\"async\" width=\"1024\" height=\"768\" src=\"https:\/\/afersdomestics.cat\/wp-content\/uploads\/2025\/09\/IMG-20240602-WA0004-1024x768.jpg\" alt=\"\" class=\"wp-image-1186 size-full\" srcset=\"https:\/\/afersdomestics.cat\/wp-content\/uploads\/2025\/09\/IMG-20240602-WA0004-1024x768.jpg 1024w, https:\/\/afersdomestics.cat\/wp-content\/uploads\/2025\/09\/IMG-20240602-WA0004-300x225.jpg 300w, https:\/\/afersdomestics.cat\/wp-content\/uploads\/2025\/09\/IMG-20240602-WA0004-768x576.jpg 768w, https:\/\/afersdomestics.cat\/wp-content\/uploads\/2025\/09\/IMG-20240602-WA0004-1536x1152.jpg 1536w, https:\/\/afersdomestics.cat\/wp-content\/uploads\/2025\/09\/IMG-20240602-WA0004-960x720.jpg 960w, https:\/\/afersdomestics.cat\/wp-content\/uploads\/2025\/09\/IMG-20240602-WA0004-640x480.jpg 640w, https:\/\/afersdomestics.cat\/wp-content\/uploads\/2025\/09\/IMG-20240602-WA0004.jpg 1600w\" sizes=\"auto, (max-width: 1024px) 100vw, 1024px\" \/><\/figure><div class=\"wp-block-media-text__content\">\n<p class=\"has-text-align-right\">Dissabte, 1 de juny de 2024 (10.45h)<br><a href=\"http:\/\/www.fores.cat\/noticies\/la-14-edicio-del-fores-poesia-i-musica-celebrat-el-dia-1-de-juny-de-2024-va-ser-un-any-mes\" target=\"_blank\" rel=\"noreferrer noopener\">XIV edici\u00f3 del For\u00e8s Poesia i M\u00fasica<\/a><br>Concert &#8216;De versos que es donen la m\u00e0&#8217; d&#8217;Afers Dom\u00e8stics. Espai Mirador<\/p>\n\n\n\n<p class=\"has-text-align-right\"><\/p>\n<\/div><\/div>\n\n\n\n<p>Divendres, 16 de febrer de 2024 (19h)<br><a href=\"https:\/\/casinodevic.cat\/event\/cantar-la-poesia-un-dialeg-a-partir-del-llibre-disc-jardi-de-meravelles-delies-monxoli\/\" target=\"_blank\" rel=\"noreferrer noopener\">Presentaci\u00f3 del llibre disc del m\u00fasic valenci\u00e0 Elies Monxol\u00ed &#8216;Jard\u00ed de meravelles&#8217;<\/a><br>Casino de Vic. Sala Modernista. Estrena del poema &#8216;Enll\u00e0 del foc&#8217; de Maria Josep Escriv\u00e0<\/p>\n\n\n<div class=\"wp-block-image is-style-default\">\n<figure class=\"alignleft size-large\"><a href=\"https:\/\/casinodevic.cat\/event\/cantar-la-poesia-un-dialeg-a-partir-del-llibre-disc-jardi-de-meravelles-delies-monxoli\/\"><img decoding=\"async\" src=\"https:\/\/afersdomestics.cat\/wp-content\/uploads\/2024\/02\/Presentacio-VIC-Jardi-quadrat-1024x1024.jpg\" alt=\"\" class=\"wp-image-859\"\/><\/a><\/figure>\n<\/div>\n\n\n<div class=\"wp-block-media-text alignwide is-stacked-on-mobile\" style=\"grid-template-columns:38% auto\"><figure class=\"wp-block-media-text__media\"><img loading=\"lazy\" decoding=\"async\" width=\"1024\" height=\"768\" src=\"http:\/\/afersdomestics.cat\/wp-content\/uploads\/2023\/07\/DSCF6454-1024x768.jpg\" alt=\"\" class=\"wp-image-734 size-full\" srcset=\"https:\/\/afersdomestics.cat\/wp-content\/uploads\/2023\/07\/DSCF6454-1024x768.jpg 1024w, https:\/\/afersdomestics.cat\/wp-content\/uploads\/2023\/07\/DSCF6454-300x225.jpg 300w, https:\/\/afersdomestics.cat\/wp-content\/uploads\/2023\/07\/DSCF6454-768x576.jpg 768w, https:\/\/afersdomestics.cat\/wp-content\/uploads\/2023\/07\/DSCF6454-1536x1152.jpg 1536w, https:\/\/afersdomestics.cat\/wp-content\/uploads\/2023\/07\/DSCF6454-2048x1536.jpg 2048w, https:\/\/afersdomestics.cat\/wp-content\/uploads\/2023\/07\/DSCF6454-960x720.jpg 960w, https:\/\/afersdomestics.cat\/wp-content\/uploads\/2023\/07\/DSCF6454-640x480.jpg 640w\" sizes=\"auto, (max-width: 1024px) 100vw, 1024px\" \/><\/figure><div class=\"wp-block-media-text__content\">\n<p class=\"has-text-align-right\">Divendres, 29 de juny de 2023 (20h)<br><a rel=\"noreferrer noopener\" href=\"https:\/\/www.bibliotecapilarinbayes.cat\/tag\/afers-domestics\/\" data-type=\"URL\" data-id=\"https:\/\/www.bibliotecapilarinbayes.cat\/tag\/afers-domestics\/\" target=\"_blank\">Cicle CAPALTARD a la terrassa de la nova Biblioteca Pilar\u00edn Bay\u00e9s de Vic <\/a><br><a rel=\"noreferrer noopener\" href=\"http:\/\/afersdomestics.cat\/index.php\/discs\/\" data-type=\"URL\" data-id=\"http:\/\/afersdomestics.cat\/index.php\/discs\/\" target=\"_blank\">Presentaci\u00f3 del disc &#8220;De poemes i planes&#8221;<\/a><\/p>\n\n\n\n<p class=\"has-text-align-right\">Foto: C\u00e8lia Tort<\/p>\n<\/div><\/div>\n\n\n\n<div class=\"wp-block-media-text alignwide is-stacked-on-mobile\" style=\"grid-template-columns:38% auto\"><figure class=\"wp-block-media-text__media\"><img decoding=\"async\" src=\"http:\/\/afersdomestics.cat\/wp-content\/uploads\/2023\/05\/ConcertFores_juny2023.jpg\" alt=\"\" class=\"wp-image-728 size-full\"\/><\/figure><div class=\"wp-block-media-text__content\">\n<p class=\"has-text-align-right\">Dissabte, 3 de juny de 2023 (12h)<br><a href=\"http:\/\/www.fores.cat\/noticies\/manu-guix-i-roba-estesa-caps-de-cartell-del-fores-poesia-i-musica-2023\" data-type=\"URL\" data-id=\"http:\/\/www.fores.cat\/noticies\/manu-guix-i-roba-estesa-caps-de-cartell-del-fores-poesia-i-musica-2023\" target=\"_blank\" rel=\"noreferrer noopener\">XIII edici\u00f3 For\u00e8s Poesia i M\u00fasica<\/a> (For\u00e8s, Conca de Barber\u00e0)<br>Presentaci\u00f3 del disc &#8220;De poemes i planes&#8221;<\/p>\n<\/div><\/div>\n\n\n\n<div class=\"wp-block-media-text alignwide is-stacked-on-mobile\" style=\"grid-template-columns:38% auto\"><figure class=\"wp-block-media-text__media\"><img loading=\"lazy\" decoding=\"async\" width=\"1024\" height=\"462\" src=\"http:\/\/afersdomestics.cat\/wp-content\/uploads\/2022\/10\/IMG-20221030-WA0019-1-1024x462.jpg\" alt=\"\" class=\"wp-image-627 size-full\" srcset=\"https:\/\/afersdomestics.cat\/wp-content\/uploads\/2022\/10\/IMG-20221030-WA0019-1-1024x462.jpg 1024w, https:\/\/afersdomestics.cat\/wp-content\/uploads\/2022\/10\/IMG-20221030-WA0019-1-300x135.jpg 300w, https:\/\/afersdomestics.cat\/wp-content\/uploads\/2022\/10\/IMG-20221030-WA0019-1-768x346.jpg 768w, https:\/\/afersdomestics.cat\/wp-content\/uploads\/2022\/10\/IMG-20221030-WA0019-1-1536x692.jpg 1536w, https:\/\/afersdomestics.cat\/wp-content\/uploads\/2022\/10\/IMG-20221030-WA0019-1.jpg 2048w\" sizes=\"auto, (max-width: 1024px) 100vw, 1024px\" \/><\/figure><div class=\"wp-block-media-text__content\">\n<p class=\"has-text-align-right\">Diumenge, 31 d&#8217;octubre de 2022 (12h)<br>Vermut literari amb poesia musicada a la XIII Fira del Llibre de Montblanc (Conca de Barber\u00e0)<br>Presentaci\u00f3 del disc &#8220;De poemes i planes&#8221;<\/p>\n<\/div><\/div>\n\n\n\n<div class=\"wp-block-media-text alignwide is-stacked-on-mobile\" style=\"grid-template-columns:38% auto\"><figure class=\"wp-block-media-text__media\"><img loading=\"lazy\" decoding=\"async\" width=\"1024\" height=\"575\" src=\"http:\/\/afersdomestics.cat\/wp-content\/uploads\/2022\/07\/IMG-20220717-WA0010-1024x575.jpg\" alt=\"\" class=\"wp-image-557 size-full\" srcset=\"https:\/\/afersdomestics.cat\/wp-content\/uploads\/2022\/07\/IMG-20220717-WA0010-1024x575.jpg 1024w, https:\/\/afersdomestics.cat\/wp-content\/uploads\/2022\/07\/IMG-20220717-WA0010-300x168.jpg 300w, https:\/\/afersdomestics.cat\/wp-content\/uploads\/2022\/07\/IMG-20220717-WA0010-768x431.jpg 768w, https:\/\/afersdomestics.cat\/wp-content\/uploads\/2022\/07\/IMG-20220717-WA0010-1536x863.jpg 1536w, https:\/\/afersdomestics.cat\/wp-content\/uploads\/2022\/07\/IMG-20220717-WA0010-990x556.jpg 990w, https:\/\/afersdomestics.cat\/wp-content\/uploads\/2022\/07\/IMG-20220717-WA0010-1920x1080.jpg 1920w, https:\/\/afersdomestics.cat\/wp-content\/uploads\/2022\/07\/IMG-20220717-WA0010.jpg 2048w\" sizes=\"auto, (max-width: 1024px) 100vw, 1024px\" \/><\/figure><div class=\"wp-block-media-text__content\">\n<p class=\"has-text-align-right\">Diumenge, 17 de juliol de 2022 (12h)<br>Vermut i poesia musicada a les piscines de Golm\u00e9s (Pla d&#8217;Urgell)<br>Presentaci\u00f3 del disc &#8220;De poemes i planes&#8221;<\/p>\n<\/div><\/div>\n\n\n\n<div class=\"wp-block-media-text alignwide is-stacked-on-mobile\" style=\"grid-template-columns:38% auto\"><figure class=\"wp-block-media-text__media\"><img loading=\"lazy\" decoding=\"async\" width=\"1024\" height=\"768\" src=\"http:\/\/afersdomestics.cat\/wp-content\/uploads\/2022\/07\/IMG-20220702-WA0013.jpg\" alt=\"\" class=\"wp-image-573 size-full\" srcset=\"https:\/\/afersdomestics.cat\/wp-content\/uploads\/2022\/07\/IMG-20220702-WA0013.jpg 1024w, https:\/\/afersdomestics.cat\/wp-content\/uploads\/2022\/07\/IMG-20220702-WA0013-300x225.jpg 300w, https:\/\/afersdomestics.cat\/wp-content\/uploads\/2022\/07\/IMG-20220702-WA0013-768x576.jpg 768w, https:\/\/afersdomestics.cat\/wp-content\/uploads\/2022\/07\/IMG-20220702-WA0013-960x720.jpg 960w, https:\/\/afersdomestics.cat\/wp-content\/uploads\/2022\/07\/IMG-20220702-WA0013-640x480.jpg 640w\" sizes=\"auto, (max-width: 1024px) 100vw, 1024px\" \/><\/figure><div class=\"wp-block-media-text__content\">\n<p class=\"has-text-align-right\">Dissabte, 2 de juliol de 2022 (12h)<br>Concert d&#8217;estrena a la Sala Modernista del Casino de Vic i presentaci\u00f3 del disc &#8220;De poemes i planes&#8221;, amb la participaci\u00f3 dels poetes Josep Porcar i Marta Vilardaga.<\/p>\n\n\n\n<p class=\"has-text-align-right\"> <a href=\"http:\/\/www.culturavic.cat\/imatges\/reg1008886_arxiu1_21-06-2022_16-39-26.pdf\" target=\"_blank\" rel=\"noreferrer noopener\">Programa Festa Major de Vic<\/a> (consulta programaci\u00f3 2\/07)<br><a href=\"https:\/\/casinodevic.cat\/event\/concert-afers-domestics\/\" target=\"_blank\" rel=\"noreferrer noopener\">Agenda activitats Casino de Vic<\/a> (consulta programaci\u00f3 2\/07) <\/p>\n<\/div><\/div>\n\n\n\n<div class=\"wp-block-media-text alignwide is-stacked-on-mobile\" style=\"grid-template-columns:38% auto\"><figure class=\"wp-block-media-text__media\"><img loading=\"lazy\" decoding=\"async\" width=\"2122\" height=\"2560\" src=\"http:\/\/afersdomestics.cat\/wp-content\/uploads\/2022\/06\/IMG_20220604_210505-scaled.jpg\" alt=\"\" class=\"wp-image-527 size-full\" srcset=\"https:\/\/afersdomestics.cat\/wp-content\/uploads\/2022\/06\/IMG_20220604_210505-scaled.jpg 2122w, https:\/\/afersdomestics.cat\/wp-content\/uploads\/2022\/06\/IMG_20220604_210505-249x300.jpg 249w, https:\/\/afersdomestics.cat\/wp-content\/uploads\/2022\/06\/IMG_20220604_210505-849x1024.jpg 849w, https:\/\/afersdomestics.cat\/wp-content\/uploads\/2022\/06\/IMG_20220604_210505-768x927.jpg 768w, https:\/\/afersdomestics.cat\/wp-content\/uploads\/2022\/06\/IMG_20220604_210505-1273x1536.jpg 1273w, https:\/\/afersdomestics.cat\/wp-content\/uploads\/2022\/06\/IMG_20220604_210505-1697x2048.jpg 1697w\" sizes=\"auto, (max-width: 2122px) 100vw, 2122px\" \/><\/figure><div class=\"wp-block-media-text__content\">\n<p class=\"has-text-align-right has-normal-font-size\">Actuaci\u00f3 a <a rel=\"noreferrer noopener\" href=\"https:\/\/onallibres.cat\/\" target=\"_blank\">Ona Llibre<\/a>s, preestrena del disc &#8220;De poemes i planes&#8221; d&#8217;Afers Dom\u00e8stics. Amb poemes de Marta Vilardaga i Josep Porcar i produ\u00eft per Cases de la M\u00fasica de Manresa editat per Salze Editorial.<\/p>\n<\/div><\/div>\n\n\n\n<div class=\"wp-block-media-text alignwide is-stacked-on-mobile\" style=\"grid-template-columns:38% auto\"><figure class=\"wp-block-media-text__media\"><img loading=\"lazy\" decoding=\"async\" width=\"1024\" height=\"768\" src=\"http:\/\/afersdomestics.cat\/wp-content\/uploads\/2022\/06\/IMG-20220517-WA0037-1024x768.jpg\" alt=\"\" class=\"wp-image-528 size-full\" srcset=\"https:\/\/afersdomestics.cat\/wp-content\/uploads\/2022\/06\/IMG-20220517-WA0037-1024x768.jpg 1024w, https:\/\/afersdomestics.cat\/wp-content\/uploads\/2022\/06\/IMG-20220517-WA0037-300x225.jpg 300w, https:\/\/afersdomestics.cat\/wp-content\/uploads\/2022\/06\/IMG-20220517-WA0037-768x576.jpg 768w, https:\/\/afersdomestics.cat\/wp-content\/uploads\/2022\/06\/IMG-20220517-WA0037-1536x1152.jpg 1536w, https:\/\/afersdomestics.cat\/wp-content\/uploads\/2022\/06\/IMG-20220517-WA0037-960x720.jpg 960w, https:\/\/afersdomestics.cat\/wp-content\/uploads\/2022\/06\/IMG-20220517-WA0037-640x480.jpg 640w, https:\/\/afersdomestics.cat\/wp-content\/uploads\/2022\/06\/IMG-20220517-WA0037.jpg 1600w\" sizes=\"auto, (max-width: 1024px) 100vw, 1024px\" \/><\/figure><div class=\"wp-block-media-text__content\">\n<p class=\"has-text-align-right has-normal-font-size\"><br>Dimarts, 17 de maig de 2022 (18h)<br>Actuaci\u00f3 al recinte Fabra i Coats de Barcelona, en el marc del 30\u00e8 aniversari de l&#8217;Associaci\u00f3 del Casal de Gent Gran de Carlit.<\/p>\n<\/div><\/div>\n\n\n\n<figure class=\"wp-block-embed is-type-video is-provider-youtube wp-block-embed-youtube wp-embed-aspect-16-9 wp-has-aspect-ratio\"><div class=\"wp-block-embed__wrapper\">\n<iframe loading=\"lazy\" title=\"Attilio Bertolucci presenta  &quot;Porta\u00b4m amb tu&quot;.\" width=\"990\" height=\"557\" src=\"https:\/\/www.youtube.com\/embed\/k8iCrr8HMDk?feature=oembed\" frameborder=\"0\" allow=\"accelerometer; autoplay; clipboard-write; encrypted-media; gyroscope; picture-in-picture; web-share\" referrerpolicy=\"strict-origin-when-cross-origin\" allowfullscreen><\/iframe>\n<\/div><figcaption class=\"wp-element-caption\">Actuaci\u00f3 a Ona Llibreria (16\/12\/2021) \/ 1:03:54 &#8211; 1:07:16<\/figcaption><\/figure>\n\n\n\n<p class=\"has-text-align-right\">16 de desembre de 2021<br>Actuaci\u00f3 a <a rel=\"noreferrer noopener\" href=\"https:\/\/onallibres.cat\/\" target=\"_blank\">Ona Llibre<\/a>s, amb el poema musicat per Afers Dom\u00e8stics &#8220;Vent\/Vento&#8221; (A. Bertolucci), en el marc de la presentaci\u00f3 de llibre &#8220;Porta&#8217;m amb tu&#8221;, poemes d&#8217;Attilio Bertolucci tradu\u00efts en catal\u00e0 per Marta Vilardaga i Josep Porcar i editat per Salze Editorial.<\/p>\n\n\n\n<p><\/p>\n\n\n\n<p><\/p>\n\n\n\n<figure class=\"wp-block-table alignleft is-style-regular\"><table><tbody><tr><td class=\"has-text-align-left\" data-align=\"left\"><a href=\"https:\/\/www.sentfores.cat\/2021\/11\/festa-major-de-la-guixa-2021-programa-dactes\/\" data-type=\"URL\" data-id=\"https:\/\/www.sentfores.cat\/2021\/11\/festa-major-de-la-guixa-2021-programa-dactes\/\" target=\"_blank\" rel=\"noreferrer noopener\"><img loading=\"lazy\" decoding=\"async\" width=\"350\" height=\"199\" class=\"wp-image-351\" style=\"width: 350px;\" src=\"http:\/\/afersdomestics.cat\/wp-content\/uploads\/2022\/01\/ContesAfersDomestics.jpg\" alt=\"\" srcset=\"https:\/\/afersdomestics.cat\/wp-content\/uploads\/2022\/01\/ContesAfersDomestics.jpg 861w, https:\/\/afersdomestics.cat\/wp-content\/uploads\/2022\/01\/ContesAfersDomestics-300x170.jpg 300w, https:\/\/afersdomestics.cat\/wp-content\/uploads\/2022\/01\/ContesAfersDomestics-768x436.jpg 768w\" sizes=\"auto, (max-width: 350px) 100vw, 350px\" \/><\/a><\/td><td class=\"has-text-align-right\" data-align=\"right\">14 de novembre de 2021<br>        Contes d&#8217;estar per casa, en el marc de la <a rel=\"noreferrer noopener\" href=\"https:\/\/www.sentfores.cat\/2021\/11\/festa-major-de-la-guixa-2021-programa-dactes\/\" data-type=\"URL\" data-id=\"https:\/\/www.sentfores.cat\/2021\/11\/festa-major-de-la-guixa-2021-programa-dactes\/\" target=\"_blank\">Festa Major de La Guixa<\/a> <\/td><\/tr><\/tbody><\/table><\/figure>\n\n\n\n<div class=\"wp-block-media-text alignwide is-stacked-on-mobile\"><figure class=\"wp-block-media-text__media\"><\/figure><div class=\"wp-block-media-text__content\">\n<p><\/p>\n<\/div><\/div>\n","protected":false},"excerpt":{"rendered":"<p>&#8220;Segur com mai que l&#8217;\u00fanica esperan\u00e7a de sobreviure \u00e9s estimar amb prou for\u00e7a per convertir tot el que fem en vida&#8221; (M. Mart\u00ed i Pol) Dissabte, 2 d&#8217;agost de 2025<a href=\"https:\/\/afersdomestics.cat\/index.php\/actuacions\/\" class=\"more-link\"><span class=\"readmore\">Si vols saber-ne m\u00e9s&#8230;<span class=\"screen-reader-text\">Actuacions musicals<\/span><\/span><\/a><\/p>\n","protected":false},"author":1,"featured_media":0,"parent":0,"menu_order":5,"comment_status":"closed","ping_status":"closed","template":"","meta":{"footnotes":""},"class_list":["post-327","page","type-page","status-publish","hentry"],"_links":{"self":[{"href":"https:\/\/afersdomestics.cat\/index.php\/wp-json\/wp\/v2\/pages\/327","targetHints":{"allow":["GET"]}}],"collection":[{"href":"https:\/\/afersdomestics.cat\/index.php\/wp-json\/wp\/v2\/pages"}],"about":[{"href":"https:\/\/afersdomestics.cat\/index.php\/wp-json\/wp\/v2\/types\/page"}],"author":[{"embeddable":true,"href":"https:\/\/afersdomestics.cat\/index.php\/wp-json\/wp\/v2\/users\/1"}],"replies":[{"embeddable":true,"href":"https:\/\/afersdomestics.cat\/index.php\/wp-json\/wp\/v2\/comments?post=327"}],"version-history":[{"count":59,"href":"https:\/\/afersdomestics.cat\/index.php\/wp-json\/wp\/v2\/pages\/327\/revisions"}],"predecessor-version":[{"id":1187,"href":"https:\/\/afersdomestics.cat\/index.php\/wp-json\/wp\/v2\/pages\/327\/revisions\/1187"}],"wp:attachment":[{"href":"https:\/\/afersdomestics.cat\/index.php\/wp-json\/wp\/v2\/media?parent=327"}],"curies":[{"name":"wp","href":"https:\/\/api.w.org\/{rel}","templated":true}]}}