{"id":2,"date":"2021-12-23T23:52:47","date_gmt":"2021-12-23T23:52:47","guid":{"rendered":"http:\/\/afersdomestics.cat\/?page_id=2"},"modified":"2025-10-25T14:38:40","modified_gmt":"2025-10-25T14:38:40","slug":"principal","status":"publish","type":"page","link":"https:\/\/afersdomestics.cat\/index.php\/principal\/","title":{"rendered":"Cuinant Afers Dom\u00e8stics"},"content":{"rendered":"\n<p class=\"has-text-align-left\"><strong>Afers Dom\u00e8stics<\/strong> neix el 2020, en ple confinament, amb el t\u00e0ndem musical format pel cantant i guitarrista montblanqu\u00ed de Prenafeta Josep Ginesta i la pianista vigatana N\u00faria Ca\u00f1ellas. L\u2019avorriment i els mesos sense poder sortir de casa de tota la fam\u00edlia Ginesta Ca\u00f1ellas, els va portar a recuperar antigues melodies que tenien guardades, a m\u00e9s de crear-ne de noves: totes elles amb el confinament i la pand\u00e8mia com a fil conductor. D\u2019aquest passatemps en va sortir un disc auto editat a casa, \u201c<a href=\"https:\/\/afersdomestics.bandcamp.com\/track\/confinats-amb-sabatilles\" data-type=\"URL\" data-id=\"https:\/\/afersdomestics.bandcamp.com\/track\/confinats-amb-sabatilles\" target=\"_blank\" rel=\"noreferrer noopener\">Confinats amb sabatilles<\/a>\u201d (2021), on en algunes can\u00e7ons s&#8217;hi escolten les veus de la X\u00e8nia i en Jan (els dos petits de la casa) i tamb\u00e9 dels quatre nebots. Aquest primer treball els va servir per iniciar-se en les gravacions casolanes i comen\u00e7ar a aprendre for\u00e7a coses noves i a atrevir-se a presentar-se a les beques d&#8217;ajuts a la creaci\u00f3 que anualment ofereix Cases de la M\u00fasica, essent seleccionats per una beca d&#8217;enregistrament en estudi (2021), on enregistren a Manresa el seu segon disc, &#8220;De poemes i planes&#8221; (2022) i on s&#8217;incorpora la veu de la clarinetista vigatana Mar Ca\u00f1ellas i de l&#8217;actor Jordi Homs. El guitarrista del grup i tamb\u00e9 compositor, Josep Ginesta, posa m\u00fasica a un poema seu, &#8220;<a href=\"https:\/\/www.youtube.com\/watch?v=_X1qwymrAT4\" data-type=\"URL\" data-id=\"https:\/\/www.youtube.com\/watch?v=_X1qwymrAT4\" target=\"_blank\" rel=\"noreferrer noopener\">Sortirem dels racons foscos<\/a>&#8220;, que s&#8217;estrena l&#8217;hivern de 2023 com a melodia de la felicitaci\u00f3 de Nadal de la nova biblioteca municipal Pilar\u00edn Bay\u00e9s de Vic.  Tamb\u00e9 aquest mateix any participen en un projecte social de difusi\u00f3 del que s\u00f3n els arxius adre\u00e7at als m\u00e9s petits i als seus mestres, pares i fam\u00edlies, projecte que coordina una dels seus membres, N\u00faria Ca\u00f1ellas, tamb\u00e9 arxivera. L&#8217;estiu del 2024 fan un pas m\u00e9s a nivell musical i s&#8217;endinsen a l&#8217;estudi dom\u00e8stic del productor musical Ricard Puigdom\u00e8nech, a on enregistren en estudi el seu tercer projecte musical que porta per nom &#8220;Sortirem dels racons foscos&#8221;. A la primavera del 2025 es suma una nova cantant el grup, Pepa Pasam\u00f3n. Un dels poemes d&#8217;aquest darrer projecte, &#8220;Lluny&#8221; del castellonenc Josep Porcar, \u00e9s un dels 25 poemes seleccionats a la <a href=\"https:\/\/miquelmartiipol.cat\/promocio-a-la-creacio\/premi-miquel-marti-i-pol-certament-terra-i-cultura-2025\/\">XVIIIa edici\u00f3 del Premi Miquel Mart\u00ed i Pol. Cert\u00e0men Terra i Cultura<\/a> que atorga la Fundaci\u00f3 Llu\u00eds Llach. Actualment es preparen per presentar en directe les can\u00e7ons d&#8217;aquest projecte, segueixen component noves can\u00e7ons de poetes catalans i aquest octubre han engegat la crida #sinosaltrescallemquiparlar\u00e0 on ja s&#8217;hi han sumat m\u00e9s de 30 poetes que reciten el poema &#8216;Per a tots nosaltres&#8217; de Miquel Mart\u00ed i Pol amb l&#8217;objectiu de sembrar versos per la pau. Aquest octubre i novembre tamb\u00e9 estan enregistrant aquest poema musicat a l&#8217;estudi de gravaci\u00f3 d&#8217;en Ricard Puigdom\u00e8nech. <\/p>\n","protected":false},"excerpt":{"rendered":"<p>Afers Dom\u00e8stics neix el 2020, en ple confinament, amb el t\u00e0ndem musical format pel cantant i guitarrista montblanqu\u00ed de Prenafeta Josep Ginesta i la pianista vigatana N\u00faria Ca\u00f1ellas. L\u2019avorriment i<a href=\"https:\/\/afersdomestics.cat\/index.php\/principal\/\" class=\"more-link\"><span class=\"readmore\">Si vols saber-ne m\u00e9s&#8230;<span class=\"screen-reader-text\">Cuinant Afers Dom\u00e8stics<\/span><\/span><\/a><\/p>\n","protected":false},"author":1,"featured_media":118,"parent":0,"menu_order":1,"comment_status":"closed","ping_status":"closed","template":"templates\/right-sidebar.php","meta":{"footnotes":""},"class_list":["post-2","page","type-page","status-publish","has-post-thumbnail","hentry"],"_links":{"self":[{"href":"https:\/\/afersdomestics.cat\/index.php\/wp-json\/wp\/v2\/pages\/2","targetHints":{"allow":["GET"]}}],"collection":[{"href":"https:\/\/afersdomestics.cat\/index.php\/wp-json\/wp\/v2\/pages"}],"about":[{"href":"https:\/\/afersdomestics.cat\/index.php\/wp-json\/wp\/v2\/types\/page"}],"author":[{"embeddable":true,"href":"https:\/\/afersdomestics.cat\/index.php\/wp-json\/wp\/v2\/users\/1"}],"replies":[{"embeddable":true,"href":"https:\/\/afersdomestics.cat\/index.php\/wp-json\/wp\/v2\/comments?post=2"}],"version-history":[{"count":22,"href":"https:\/\/afersdomestics.cat\/index.php\/wp-json\/wp\/v2\/pages\/2\/revisions"}],"predecessor-version":[{"id":1269,"href":"https:\/\/afersdomestics.cat\/index.php\/wp-json\/wp\/v2\/pages\/2\/revisions\/1269"}],"wp:featuredmedia":[{"embeddable":true,"href":"https:\/\/afersdomestics.cat\/index.php\/wp-json\/wp\/v2\/media\/118"}],"wp:attachment":[{"href":"https:\/\/afersdomestics.cat\/index.php\/wp-json\/wp\/v2\/media?parent=2"}],"curies":[{"name":"wp","href":"https:\/\/api.w.org\/{rel}","templated":true}]}}